{"id":1233,"date":"2021-04-22T20:04:14","date_gmt":"2021-04-22T18:04:14","guid":{"rendered":"https:\/\/pyonen.de\/nog2021\/?page_id=1233"},"modified":"2021-08-06T13:09:02","modified_gmt":"2021-08-06T11:09:02","slug":"hygienekonzept","status":"publish","type":"page","link":"https:\/\/pyonen.de\/nog2021\/hygienekonzept\/","title":{"rendered":"Hygienekonzept"},"content":{"rendered":"<section class=\"l-section wpb_row us_custom_612905fa height_medium\"><div class=\"l-section-h i-cf\"><div class=\"g-cols vc_row via_flex valign_top type_default stacking_default\"><div class=\"vc_col-sm-12 wpb_column vc_column_container has_text_color has_bg_color\"><div class=\"vc_column-inner us_custom_ebf9f408\"><div class=\"wpb_wrapper\"><div class=\"wpb_text_column list-style-agb covid-absage\"><div class=\"wpb_wrapper\"><h1 id=\"covid-19\">Covid-19 &amp; Unser Hygienekonzept<\/h1>\n<hr \/>\n<div style=\"margin-top: 40px; margin-bottom: 40px;\">\n<h3>INHALT<\/h3>\n<p><i class=\"fas fa-arrow-right\"><\/i> <a href=\"#covid-19\">1. Was sich 2021 \u00e4ndern wird<\/a><br \/>\n<i class=\"fas fa-arrow-right\"><\/i> <a href=\"#Konzept\">2. Unser Hygienekonzept<\/a><br \/>\n<i class=\"fas fa-arrow-right\"><\/i> <a href=\"#faqs\">3. FAQs (h\u00e4ufig gestellte Fragen)<\/a><\/div>\n<p><strong>Herzallerliebste Realit\u00e4tsfluchthelfer:innen,<\/strong><\/p>\n<p><strong>Mit allergr\u00f6\u00dfter Freude rufen wir euch heute zu, dass uns alle ben\u00f6tigten Genehmigungen vorliegen und die Nation of Gondwana 2021 als Modellprojekt im Land Brandenburg stattfinden kann \u2013 Milan &amp; Kranich gehen in den Landeanflug \u00fcber!<\/strong><\/p>\n<p>Die beiden Veranstaltungen werden wissenschaftlich begleitet, um wichtige Erkenntnisse zur Durchf\u00fchrung von Open Air Veranstaltungen unter diesen au\u00dfergew\u00f6hnlichen pandemischen Umst\u00e4nden zu gewinnen. Keine Sorge, eure pers\u00f6nlichen Daten bleiben sicher bei uns und s\u00e4mtlichen Untersuchungen laufen komplett anonymisiert. Die daraus gewonnen Erkenntnissen dienen dazu, vergleichbaren open air Veranstaltungen mit Hygienekonzept in naher Zukunft den Weg zu ebnen.<\/p>\n<p>Wir werden uns am Ende des Regenbogens wiedersehen \u2013 aber einen Haken gibt es nat\u00fcrlich:<\/p>\n<p>FALLS die Inzidenz zum Veranstaltungszeitpunkt im Landkreis Havelland und\/oder Brandenburg 3 Tage \u00fcber 100 liegen sollte, m\u00fcssen wir absagen!<\/p>\n<p>Bitte verhaltet euch also weiterhin achtsam und solidarisch, gerade weil sich helles Licht am Ende des Tunnels zeigt! Ihr bekommt in den n\u00e4chsten Wochen weitere Pyonistische Parallelweltposten mit wichtigen Informationen zur Testung und Anreise.<br \/>\n<strong><br \/>\nEure Pyonen<\/strong><\/p>\n<h3>Was sich 2021 \u00e4ndern wird<\/h3>\n<p>Wie ihr wisst, feiern wir dieses Jahr an zwei aufeinander folgenden Wochenenden die Nation of Gondwana im kleinen Kreis!<\/p>\n<p><strong>(I) 16.-18.07.21 Milan<\/strong><\/p>\n<p><strong>(II) 23.-25.07.21 Kranich<\/strong><\/p>\n<p>Jedes Ticket wird beim Kauf personalisiert. Nur so k\u00f6nnen wir Testungen korrekt zuordnen und im Zweifel Kontakte sicher nachverfolgen. Die Anreise muss aus Hygieneschutzgr\u00fcnden dieses Jahr anders organisiert werden. \u00d6PNV und Shuttlebusse wird es nicht geben, da wir m\u00f6glichst kleine Cluster bilden wollen. Es wird ausschlie\u00dflich eine Anfahrt mit dem Auto oder Fahrrad m\u00f6glich sein.<\/p>\n<p>Deshalb wird es nur folgende Tickets im Bundle geben, es ist nicht m\u00f6glich ein einzelnes Festivalticket zu erwerben.<\/p>\n<p><strong>Option (I) Auto &#8211; Bundle<\/strong><\/p>\n<p>1 KFZ Ticket + 1-5 Festivaltickets<\/p>\n<p><strong>Option (II) Fahrrad &#8211; Bundle<\/strong><\/p>\n<p>1 Fahrradticket + 1 Festivalticket<br \/>\n<em><br \/>\nBitte tut euch fr\u00fchzeitig vor Kauf eines Auto-Bundles zu Fahrgemeinschaften zusammen!<\/em><\/p>\n<p>Verpflichtende PCR-Tests sind Kern unseres Hygieneschutzkonzeptes. Bundesweit haben wir daf\u00fcr verschiedene Partnerteststationen organisiert.<\/p>\n<p><strong>Eine aktuelle Liste aller PCR-Teststationen mit \u00d6ffnungszeiten <a href=\"https:\/\/pyonen.de\/nog2021\/hinweise-zur-pcr-testung\/\">findet ihr hier<\/a>.<\/strong><\/p>\n<p><strong>Bei Eurer Ankunft auf dem Acker d\u00fcrfen die PCR-Tests maximal 48h alt sein und sollten rund 30h vorher erfolgen.<\/strong><\/p>\n<p>Die Testkapazit\u00e4ten werden insbesondere in Berlin von Mittwoch bis Freitag vor Milan &amp; Kranich f\u00fcr Euch erh\u00f6ht.<\/p>\n<h3>Der Ablauf<\/h3>\n<p>Nachdem Ihr im Vorverkauf ein Ticket erworben habt, erhaltet Ihr einen PCR-Testvoucher. Mit dem geht Ihr fr\u00fchestens 48h (bis max. 30h vorher) vor Veranstaltungsbeginn zu einer unserer bundesweiten Partnerstationen und lasst Euch testen. Erst nach einem negativen Bescheid wird das Ticket f\u00fcr die Nation of Gondwana 2021 generiert. Vor Ort werdet ihr zwei weitere Teststufen durchlaufen, bevor ihr den Acker betreten k\u00f6nnt.<\/p>\n<p>Wir werden nat\u00fcrlich weitere Hygienema\u00dfnahmen auf dem Veranstaltungsgel\u00e4nde umsetzen. Schaut es euch in der Kurzfassung unseres <a href=\"#Konzept\">Konzeptes<\/a> an. Befriedigt eure Neugierde \u00fcber die <a href=\"#faqs\">FAQs<\/a>.<\/p>\n<p><strong>Wir empfehlen allen Realit\u00e4tsfluchthelfer:innen, vor Kauf eines Tickets beides aufmerksam durchzulesen!<\/strong><\/p>\n<p>Und in ein paar Wochen, wenn wir die Fl\u00fcgelschl\u00e4ge von Milan &amp; Kranich fast schon h\u00f6ren k\u00f6nnen, beantworten wir weitere offenen Fragen \u00fcber eine online Q&amp;A. Den Termin erfahrt ihr fr\u00fchzeitig \u00fcber die Pyonistische Parallelweltpost (<a href=\"https:\/\/mailing.pyonen.de\/lists\/\" target=\"_blank\" rel=\"noopener\">hier k\u00f6nnt ihr euch auf unsere Mailingliste eintragen<\/a>).<\/p>\n<p>Zuletzt m\u00f6chten wir erneut an alle Parallelwelttourist:innen appellieren: nur wenn wir alle noch ein wenig die F\u00fc\u00dfe stillhalten k\u00f6nnen Milan und Kranich ihren Landeanflug antreten!<\/p>\n<p>Bleibt gesund &amp; solidarisch,<\/p>\n<p><strong>eure Pyonen.<\/strong><\/p>\n<\/div><\/div><\/div><\/div><\/div><\/div><\/div><\/section><section class=\"l-section wpb_row us_custom_612905fa height_medium\"><div class=\"l-section-h i-cf\"><div class=\"g-cols vc_row via_flex valign_top type_default stacking_default\"><div class=\"vc_col-sm-12 wpb_column vc_column_container has_text_color has_bg_color\"><div class=\"vc_column-inner us_custom_ebf9f408\"><div class=\"wpb_wrapper\"><div class=\"wpb_text_column list-style-agb covid-absage\"><div class=\"wpb_wrapper\"><h1 id=\"Konzept\">Hygienekonzept &#8211; Nation of Gondwana 2021<\/h1>\n<hr \/>\n<\/div><\/div><div class=\"wpb_text_column\"><div class=\"wpb_wrapper\"><a href=\"https:\/\/pyonen.de\/nog2021\/wp-content\/uploads\/2021\/07\/Hygienekonzept-NoG-2021_Aktueller-Auszug-Website-30.06.21.pdf\" class=\"pdfemb-viewer\" style=\"\" data-width=\"max\" data-height=\"max\" data-mobile-width=\"500\"  data-scrollbar=\"none\" data-download=\"off\" data-tracking=\"on\" data-newwindow=\"on\" data-pagetextbox=\"off\" data-scrolltotop=\"off\" data-startzoom=\"100\" data-startfpzoom=\"100\" data-toolbar=\"both\" data-toolbar-fixed=\"on\">Hygienekonzept NoG 2021_geku\u0308rzte Fassung Website<br\/><\/a>\n<\/div><\/div><\/div><\/div><\/div><\/div><\/div><\/section><section class=\"l-section wpb_row us_custom_f6497898 has_text_color height_medium\"><div class=\"l-section-h i-cf\"><div class=\"g-cols vc_row via_flex valign_top type_default stacking_default\"><div class=\"vc_col-sm-12 wpb_column vc_column_container has_bg_color\"><div class=\"vc_column-inner us_custom_a6999b87\"><div class=\"wpb_wrapper\"><div class=\"wpb_text_column us_custom_8e09cc6b\"><div class=\"wpb_wrapper\"><h2 id=\"faqs\" style=\"text-align: center;\">FAQs &#8211; h\u00e4ufig gestellte Fragen<\/h2>\n<\/div><\/div><div class=\"w-tabs style_default switch_click accordion type_togglable has_scrolling\" style=\"--sections-title-size:inherit\"><div class=\"w-tabs-sections titles-align_none icon_chevron cpos_right\"><div class=\"w-tabs-section\" id=\"o3a0\"><button class=\"w-tabs-section-header with_icon\" aria-controls=\"content-o3a0\" aria-expanded=\"false\"><i class=\"fas fa-arrow-right\"><\/i><div class=\"w-tabs-section-title\">Wann erhalte ich mein Ticket?<\/div><div class=\"w-tabs-section-control\"><\/div><\/button><div  class=\"w-tabs-section-content\" id=\"content-o3a0\"><div class=\"w-tabs-section-content-h i-cf\"><div class=\"wpb_text_column\"><div class=\"wpb_wrapper\"><p>Du erh\u00e4ltst nach dem Kauf zun\u00e4chst einen Testvoucher, das Festivalticket wird erst nach negativem PCR-Test generiert und dir per Mail zugesandt.<\/p>\n<\/div><\/div><\/div><\/div><\/div><div class=\"w-tabs-section\" id=\"x55d\"><button class=\"w-tabs-section-header with_icon\" aria-controls=\"content-x55d\" aria-expanded=\"false\"><i class=\"fas fa-arrow-right\"><\/i><div class=\"w-tabs-section-title\">Werden in diesem Jahr wieder Tickets in den Berliner Pyonenbars zu kaufen geben?<\/div><div class=\"w-tabs-section-control\"><\/div><\/button><div  class=\"w-tabs-section-content\" id=\"content-x55d\"><div class=\"w-tabs-section-content-h i-cf\"><div class=\"wpb_text_column\"><div class=\"wpb_wrapper\"><p>Nein, nur online \u00fcber TixforGigs.<\/p>\n<\/div><\/div><\/div><\/div><\/div><div class=\"w-tabs-section\" id=\"o6ef\"><button class=\"w-tabs-section-header with_icon\" aria-controls=\"content-o6ef\" aria-expanded=\"false\"><i class=\"fas fa-arrow-right\"><\/i><div class=\"w-tabs-section-title\">Werden die Autotickets wieder nach zwei Tagen ausverkauft sein?<\/div><div class=\"w-tabs-section-control\"><\/div><\/button><div  class=\"w-tabs-section-content\" id=\"content-o6ef\"><div class=\"w-tabs-section-content-h i-cf\"><div class=\"wpb_text_column\"><div class=\"wpb_wrapper\"><p>Gute Neuigkeiten \u2013 es wird ein deutlich h\u00f6heres Kontingent verf\u00fcgbar sein.<\/p>\n<\/div><\/div><\/div><\/div><\/div><div class=\"w-tabs-section\" id=\"b900\"><button class=\"w-tabs-section-header with_icon\" aria-controls=\"content-b900\" aria-expanded=\"false\"><i class=\"fas fa-arrow-right\"><\/i><div class=\"w-tabs-section-title\">Kann ich mir f\u00fcr beide Editonen ein Ticket kaufen und zwischen Milan &amp; Kranich einen z\u00fcnftigen Campingkurzurlaub auf dem Acker verbringen?<\/div><div class=\"w-tabs-section-control\"><\/div><\/button><div  class=\"w-tabs-section-content\" id=\"content-b900\"><div class=\"w-tabs-section-content-h i-cf\"><div class=\"wpb_text_column\"><div class=\"wpb_wrapper\"><p>Wir freuen uns sehr, wenn du direkt zwei mal mit uns ins Paralleluniversum reisen m\u00f6chtest! Leider muss der Acker zwischen den zwei Veranstaltungen verlassen und das Testungsverfahren bei erneuter Anreise wieder durchlaufen werden.<\/p>\n<\/div><\/div><\/div><\/div><\/div><div class=\"w-tabs-section\" id=\"uaec\"><button class=\"w-tabs-section-header with_icon\" aria-controls=\"content-uaec\" aria-expanded=\"false\"><i class=\"fas fa-arrow-right\"><\/i><div class=\"w-tabs-section-title\">Was ist nach dem PCR-Test zu tun?<\/div><div class=\"w-tabs-section-control\"><\/div><\/button><div  class=\"w-tabs-section-content\" id=\"content-uaec\"><div class=\"w-tabs-section-content-h i-cf\"><div class=\"wpb_text_column\"><div class=\"wpb_wrapper\"><p>Bitte verhalte dich solidarisch und begebe dich in Quarant\u00e4ne bis du zur Anreise aufbrichst.<\/p>\n<\/div><\/div><\/div><\/div><\/div><div class=\"w-tabs-section\" id=\"iccf\"><button class=\"w-tabs-section-header with_icon\" aria-controls=\"content-iccf\" aria-expanded=\"false\"><i class=\"fas fa-arrow-right\"><\/i><div class=\"w-tabs-section-title\">Wie werde ich \u00fcber mein PCR-Testergebnis informiert?<\/div><div class=\"w-tabs-section-control\"><\/div><\/button><div  class=\"w-tabs-section-content\" id=\"content-iccf\"><div class=\"w-tabs-section-content-h i-cf\"><div class=\"wpb_text_column\"><div class=\"wpb_wrapper\"><p>Wenn das Ergebnis negativ ausf\u00e4llt, wirst du per Mail dein Festivalticket erhalten.<\/p>\n<\/div><\/div><\/div><\/div><\/div><div class=\"w-tabs-section\" id=\"te62\"><button class=\"w-tabs-section-header with_icon\" aria-controls=\"content-te62\" aria-expanded=\"false\"><i class=\"fas fa-arrow-right\"><\/i><div class=\"w-tabs-section-title\">Bekomme ich mein Geld zur\u00fcck, wenn mein PCR-Test positiv ausf\u00e4llt?<\/div><div class=\"w-tabs-section-control\"><\/div><\/button><div  class=\"w-tabs-section-content\" id=\"content-te62\"><div class=\"w-tabs-section-content-h i-cf\"><div class=\"wpb_text_column\"><div class=\"wpb_wrapper\"><p>F\u00fcr den unerfreulichen Fall eines positiven Bescheides kannst du dein Ticket \u00fcber TixforGigs zur\u00fcckgeben und bekommst dein Geld zur\u00fcck.<\/p>\n<\/div><\/div><\/div><\/div><\/div><div class=\"w-tabs-section\" id=\"x063\"><button class=\"w-tabs-section-header with_icon\" aria-controls=\"content-x063\" aria-expanded=\"false\"><i class=\"fas fa-arrow-right\"><\/i><div class=\"w-tabs-section-title\">Was ist, wenn ich bis zum Festival bereits den vollen Impfschutz habe?<\/div><div class=\"w-tabs-section-control\"><\/div><\/button><div  class=\"w-tabs-section-content\" id=\"content-x063\"><div class=\"w-tabs-section-content-h i-cf\"><div class=\"wpb_text_column\"><div class=\"wpb_wrapper\"><p>Dann entf\u00e4llt f\u00fcr dich die Pflichtung zum PCR-Test!<\/p>\n<p><strong>Bitte unbedingt einen digitalen Impfnachweis \u00fcber die CovPassCheck oder CoronaWarn App k\u00fcmmern!<\/strong><\/p>\n<\/div><\/div><\/div><\/div><\/div><div class=\"w-tabs-section\" id=\"y234\"><button class=\"w-tabs-section-header with_icon\" aria-controls=\"content-y234\" aria-expanded=\"false\"><i class=\"fas fa-arrow-right\"><\/i><div class=\"w-tabs-section-title\">Wie erfolgt der Nachweis meiner vollst\u00e4ndigen Impfung?<\/div><div class=\"w-tabs-section-control\"><\/div><\/button><div  class=\"w-tabs-section-content\" id=\"content-y234\"><div class=\"w-tabs-section-content-h i-cf\"><div class=\"wpb_text_column\"><div class=\"wpb_wrapper\"><p>Der PCR Test kann umgangen werden, wenn ein g\u00fcltiges Impfzertifikat aus der CovidWarn App oder aus der CovPass App (einfach einen Screenshot machen) zum Ticket hochgeladen wird. Hierzu bitte den Link aus der Personalisierungsmail von TixforGigs.com erneut aufrufen und die Upload-Funktion (Impfzertifikat -&gt; Digitaler Impfnachweis) auf der Seite nutzen. Solltest dz den Link nicht mehr haben, kannst du dein Zertifikat auch an den oder die Ticketk\u00e4uf:in schicken, damit diese sich um den Upload k\u00fcmmern (zu finden nach Login auf <a href=\"https:\/\/www.tixforgigs.com\/\" target=\"_blank\" rel=\"noopener\">www.tixforgigs.com<\/a> -&gt; Meine Bestellungen -&gt; Personalisierung).<\/p>\n<p>Die Upload-M\u00f6glichkeit steht ab Samstag, 03.07.21 zur Verf\u00fcgung. Die Impfzertifikate werden von TixforGigs verarbeitet und &#8211; wie auch alle anderen Personalisierungsdaten &#8211; nach vier Wochen automatisch gel\u00f6scht.<\/p>\n<p>Bitte pr\u00fcfe bei dieser Gelegenheit auch nochmal eure hinterlegten Mailadressen und setze ggf. den Haken f\u00fcr den SMS-Versand.<\/p>\n<\/div><\/div><\/div><\/div><\/div><div class=\"w-tabs-section\" id=\"l3fa\"><button class=\"w-tabs-section-header with_icon\" aria-controls=\"content-l3fa\" aria-expanded=\"false\"><i class=\"fas fa-arrow-right\"><\/i><div class=\"w-tabs-section-title\">Ist mein Ticket \u00fcbertragbar, falls ich doch nicht teilnehmen kann?<\/div><div class=\"w-tabs-section-control\"><\/div><\/button><div  class=\"w-tabs-section-content\" id=\"content-l3fa\"><div class=\"w-tabs-section-content-h i-cf\"><div class=\"wpb_text_column\"><div class=\"wpb_wrapper\"><p>Ja, das ist generell nur \u00fcber TixforGigs m\u00f6glich. <\/p>\n<\/div><\/div><\/div><\/div><\/div><div class=\"w-tabs-section\" id=\"l5ae\"><button class=\"w-tabs-section-header with_icon\" aria-controls=\"content-l5ae\" aria-expanded=\"false\"><i class=\"fas fa-arrow-right\"><\/i><div class=\"w-tabs-section-title\">Wieso kann ich mir nicht wie \u00fcblich ein einzelnes Festivalticket kaufen?<\/div><div class=\"w-tabs-section-control\"><\/div><\/button><div  class=\"w-tabs-section-content\" id=\"content-l5ae\"><div class=\"w-tabs-section-content-h i-cf\"><div class=\"wpb_text_column\"><div class=\"wpb_wrapper\"><p>Das ist aus Hygieneschutzgr\u00fcnden dieses Jahr leider nicht m\u00f6glich, die Anreise mit \u00d6PNV wird nicht unterst\u00fctzt und es wird keine Shuttlebusse geben!<br \/>\nJa, das ist nervig und nicht besonders Umweltfreundlich aber das hilft uns die Clusterbildung m\u00f6glichst gering zu halten.<\/p>\n<\/div><\/div><\/div><\/div><\/div><div class=\"w-tabs-section\" id=\"v763\"><button class=\"w-tabs-section-header with_icon\" aria-controls=\"content-v763\" aria-expanded=\"false\"><i class=\"fas fa-arrow-right\"><\/i><div class=\"w-tabs-section-title\">Wie und wo habe ich die M\u00f6glichkeit mich einer Fahrgemeinschaft anzuschlie\u00dfen?<\/div><div class=\"w-tabs-section-control\"><\/div><\/button><div  class=\"w-tabs-section-content\" id=\"content-v763\"><div class=\"w-tabs-section-content-h i-cf\"><div class=\"wpb_text_column\"><div class=\"wpb_wrapper\"><p>Wir empfehlen euch m\u00f6glichst fr\u00fchzeitig mit euren Freund:innen und Bekannten zu sprechen, um gemeinsam ein Auto-Bundle zu kaufen.<br \/>\nOder reist v\u00f6llig emissionsfrei mit dem Fahrrad an!<\/p>\n<\/div><\/div><\/div><\/div><\/div><div class=\"w-tabs-section\" id=\"a96c\"><button class=\"w-tabs-section-header with_icon\" aria-controls=\"content-a96c\" aria-expanded=\"false\"><i class=\"fas fa-arrow-right\"><\/i><div class=\"w-tabs-section-title\">Was passiert, wenn innerhalb einer Fahrgemeinschaft ein Schnelltest positiv ausf\u00e4llt?<\/div><div class=\"w-tabs-section-control\"><\/div><\/button><div  class=\"w-tabs-section-content\" id=\"content-a96c\"><div class=\"w-tabs-section-content-h i-cf\"><div class=\"wpb_text_column\"><div class=\"wpb_wrapper\"><p>Kurz vor Betreten des Veranstaltungsgel\u00e4ndes wird jede Person einer Fahrgemeinschaft im Auto getestet. Wenn hier ein positives Ergebnis vorliegt muss das Auto bzw. die komplette Fahrgemeinschaft das Gel\u00e4nde wieder verlassen. Wir arbeiten in Moment an einer weiteren M\u00f6glichkeit der PCR-Testung nach einer positiven Schnelltestung.<\/p>\n<\/div><\/div><\/div><\/div><\/div><div class=\"w-tabs-section\" id=\"tb7f\"><button class=\"w-tabs-section-header with_icon\" aria-controls=\"content-tb7f\" aria-expanded=\"false\"><i class=\"fas fa-arrow-right\"><\/i><div class=\"w-tabs-section-title\">Ben\u00f6tige ich eine medizinische Maske auf dem Acker?<\/div><div class=\"w-tabs-section-control\"><\/div><\/button><div  class=\"w-tabs-section-content\" id=\"content-tb7f\"><div class=\"w-tabs-section-content-h i-cf\"><div class=\"wpb_text_column\"><div class=\"wpb_wrapper\"><p><strong>Ja, eine FFP2-Maske ist obligatorisch!<\/strong> W\u00e4hrend der gesamten Anreise zuz\u00fcglich der vorgelagerten Schnelltestung ist diese zwingend zu tragen!<br \/>\nZudem besteht Maskenpflicht auf den Toiletten, w\u00e4hrend des Bestellvorgangs an den Bars sowie an den Food Shops.<\/p>\n<\/div><\/div><\/div><\/div><\/div><div class=\"w-tabs-section\" id=\"gd82\"><button class=\"w-tabs-section-header with_icon\" aria-controls=\"content-gd82\" aria-expanded=\"false\"><i class=\"fas fa-arrow-right\"><\/i><div class=\"w-tabs-section-title\">Ab wann kann ist die Anreise m\u00f6glich?<\/div><div class=\"w-tabs-section-control\"><\/div><\/button><div  class=\"w-tabs-section-content\" id=\"content-gd82\"><div class=\"w-tabs-section-content-h i-cf\"><div class=\"wpb_text_column\"><div class=\"wpb_wrapper\"><p>Wir \u00f6ffnen unsere Tore jeweils Freitag ab 10:00 Uhr.<\/p>\n<\/div><\/div><\/div><\/div><\/div><div class=\"w-tabs-section\" id=\"qf3e\"><button class=\"w-tabs-section-header with_icon\" aria-controls=\"content-qf3e\" aria-expanded=\"false\"><i class=\"fas fa-arrow-right\"><\/i><div class=\"w-tabs-section-title\">Wird es bei der reduzierten G\u00e4stezahl auch ein reduziertes Festivalprogramm geben?<\/div><div class=\"w-tabs-section-control\"><\/div><\/button><div  class=\"w-tabs-section-content\" id=\"content-qf3e\"><div class=\"w-tabs-section-content-h i-cf\"><div class=\"wpb_text_column\"><div class=\"wpb_wrapper\"><p>Nein, wir feiern in gewohnter Realit\u00e4tsfluchthilfemanier! Trotzdem werden wir auf die geringere G\u00e4stezahl an der ein oder anderen Stelle anpassen.<\/p>\n<\/div><\/div><\/div><\/div><\/div><div class=\"w-tabs-section\" id=\"d0f4\"><button class=\"w-tabs-section-header with_icon\" aria-controls=\"content-d0f4\" aria-expanded=\"false\"><i class=\"fas fa-arrow-right\"><\/i><div class=\"w-tabs-section-title\">Kann ich w\u00e4hrend des Festivals das Gel\u00e4nde verlassen?<\/div><div class=\"w-tabs-section-control\"><\/div><\/button><div  class=\"w-tabs-section-content\" id=\"content-d0f4\"><div class=\"w-tabs-section-content-h i-cf\"><div class=\"wpb_text_column\"><div class=\"wpb_wrapper\"><p>Kurz gesagt: Ja, aber dann kannst du nicht auf den Acker zur\u00fcckkehren.<\/p>\n<\/div><\/div><\/div><\/div><\/div><div class=\"w-tabs-section\" id=\"w28a\"><button class=\"w-tabs-section-header with_icon\" aria-controls=\"content-w28a\" aria-expanded=\"false\"><i class=\"fas fa-arrow-right\"><\/i><div class=\"w-tabs-section-title\">Bis wann ist das Gel\u00e4nde nach dem Festival zu verlassen?<\/div><div class=\"w-tabs-section-control\"><\/div><\/button><div  class=\"w-tabs-section-content\" id=\"content-w28a\"><div class=\"w-tabs-section-content-h i-cf\"><div class=\"wpb_text_column\"><div class=\"wpb_wrapper\"><p>Ihr m\u00fcsst bis sp\u00e4testens Montag 12 Uhr den Acker verlassen haben, hier gibt es keine Ausnahmen!!<\/p>\n<\/div><\/div><\/div><\/div><\/div><div class=\"w-tabs-section\" id=\"y42a\"><button class=\"w-tabs-section-header with_icon\" aria-controls=\"content-y42a\" aria-expanded=\"false\"><i class=\"fas fa-arrow-right\"><\/i><div class=\"w-tabs-section-title\">Falls Milan &amp; Kranich dieses Jahr doch ausfallen m\u00fcssen, behalten die Tickets dann ihre G\u00fcltigkeit?<\/div><div class=\"w-tabs-section-control\"><\/div><\/button><div  class=\"w-tabs-section-content\" id=\"content-y42a\"><div class=\"w-tabs-section-content-h i-cf\"><div class=\"wpb_text_column\"><div class=\"wpb_wrapper\"><p>Nein! Ihr bekommt den Ticketpreis zur\u00fcckerstattet, abz\u00fcglich der Servicegeb\u00fchren und eines geringen Solibeitrages.<\/p>\n<\/div><\/div><\/div><\/div><\/div><div class=\"w-tabs-section\" id=\"b5bd\"><button class=\"w-tabs-section-header with_icon\" aria-controls=\"content-b5bd\" aria-expanded=\"false\"><i class=\"fas fa-arrow-right\"><\/i><div class=\"w-tabs-section-title\">Wird es wieder ein Cashless-System auf dem Acker geben?<\/div><div class=\"w-tabs-section-control\"><\/div><\/button><div  class=\"w-tabs-section-content\" id=\"content-b5bd\"><div class=\"w-tabs-section-content-h i-cf\"><div class=\"wpb_text_column\"><div class=\"wpb_wrapper\"><p>Ja \u2013 wie bereits 2019 verzichten wir komplett auf Bargeld auf dem Acker! Das ist auch vorteilhaft im Sinne des Infektionsschutzes.<\/p>\n<\/div><\/div><\/div><\/div><\/div><div class=\"w-tabs-section\" id=\"e76f\"><button class=\"w-tabs-section-header with_icon\" aria-controls=\"content-e76f\" aria-expanded=\"false\"><i class=\"fas fa-arrow-right\"><\/i><div class=\"w-tabs-section-title\">Ist es m\u00f6glich, mit dem Taxi anzureisen?<\/div><div class=\"w-tabs-section-control\"><\/div><\/button><div  class=\"w-tabs-section-content\" id=\"content-e76f\"><div class=\"w-tabs-section-content-h i-cf\"><div class=\"wpb_text_column\"><div class=\"wpb_wrapper\"><p>Nein, eine Anreise mit dem Taxi ist aufgrund unseres komplexen Hygienekonzeptes nicht m\u00f6glich, da hier das Ansteckungsrisiko zu gro\u00df ist. Zufahrt auf das Gel\u00e4nde geht nur mit Auto oder einem Fahrrad. <\/p>\n<\/div><\/div><\/div><\/div><\/div><div class=\"w-tabs-section\" id=\"q98f\"><button class=\"w-tabs-section-header with_icon\" aria-controls=\"content-q98f\" aria-expanded=\"false\"><i class=\"fas fa-arrow-right\"><\/i><div class=\"w-tabs-section-title\">Muss ich auf dem Dancefloor eine Maske tragen?<\/div><div class=\"w-tabs-section-control\"><\/div><\/button><div  class=\"w-tabs-section-content\" id=\"content-q98f\"><div class=\"w-tabs-section-content-h i-cf\"><div class=\"wpb_text_column\"><div class=\"wpb_wrapper\"><p>Aufgrund der drei Phasen Testung ist es m\u00f6glich auf der Tanzfl\u00e4che mit Abstand und ohne Maske zu tanzen. <\/p>\n<\/div><\/div><\/div><\/div><\/div><div class=\"w-tabs-section\" id=\"ab50\"><button class=\"w-tabs-section-header with_icon\" aria-controls=\"content-ab50\" aria-expanded=\"false\"><i class=\"fas fa-arrow-right\"><\/i><div class=\"w-tabs-section-title\">Kann ich mir alternativ ein Fahrradticket holen, mit einem Taxi anreisen, vor dem Gel\u00e4nde aussteigen und als Fu\u00dfg\u00e4nger:in den Acker betreten und die letzten zwei Testphasen absolvieren?<\/div><div class=\"w-tabs-section-control\"><\/div><\/button><div  class=\"w-tabs-section-content\" id=\"content-ab50\"><div class=\"w-tabs-section-content-h i-cf\"><div class=\"wpb_text_column\"><div class=\"wpb_wrapper\"><p>Nein, das ist nicht m\u00f6glich. Es wird niemand zu Fu\u00df auf das Gel\u00e4nde gelassen.<\/p>\n<\/div><\/div><\/div><\/div><\/div><div class=\"w-tabs-section\" id=\"nd08\"><button class=\"w-tabs-section-header with_icon\" aria-controls=\"content-nd08\" aria-expanded=\"false\"><i class=\"fas fa-arrow-right\"><\/i><div class=\"w-tabs-section-title\">In welchen St\u00e4dten gibt es die Partnerteststationen f\u00fcr den verpflichtenden PCR-Test?<\/div><div class=\"w-tabs-section-control\"><\/div><\/button><div  class=\"w-tabs-section-content\" id=\"content-nd08\"><div class=\"w-tabs-section-content-h i-cf\"><div class=\"wpb_text_column\"><div class=\"wpb_wrapper\"><p><strong>Eine aktuelle Liste aller PCR-Teststationen mit \u00d6ffnungszeiten <a href=\"https:\/\/pyonen.de\/nog2021\/hinweise-zur-pcr-testung\/\">findet ihr hier<\/a>.<\/strong><\/p>\n<\/div><\/div><\/div><\/div><\/div><div class=\"w-tabs-section\" id=\"vec0\"><button class=\"w-tabs-section-header with_icon\" aria-controls=\"content-vec0\" aria-expanded=\"false\"><i class=\"fas fa-arrow-right\"><\/i><div class=\"w-tabs-section-title\">In N\u00e4he meines Wohnortes gibt es keine Teststation, werden noch weitere Standorte ver\u00f6ffentlicht?<\/div><div class=\"w-tabs-section-control\"><\/div><\/button><div  class=\"w-tabs-section-content\" id=\"content-vec0\"><div class=\"w-tabs-section-content-h i-cf\"><div class=\"wpb_text_column\"><div class=\"wpb_wrapper\"><p>Bitte hab noch einen Moment Geduld, uns ist bewusst das nicht f\u00fcr alle ein Testzentrum in der N\u00e4he zu finden ist. Wir arbeiten mit Hochdruck an L\u00f6sungen und empfehlen eine Anmeldung zu unserer <a href=\"https:\/\/mailing.pyonen.de\/lists\/\" target=\"_blank\" rel=\"noopener\">Mailinglist<\/a> f\u00fcr die neuesten Neuigkeiten!<\/p>\n<\/div><\/div><\/div><\/div><\/div><div class=\"w-tabs-section\" id=\"m066\"><button class=\"w-tabs-section-header with_icon\" aria-controls=\"content-m066\" aria-expanded=\"false\"><i class=\"fas fa-arrow-right\"><\/i><div class=\"w-tabs-section-title\">Was passiert mit meinen pers\u00f6nlichen Kontaktdaten nach der Veranstaltung?<\/div><div class=\"w-tabs-section-control\"><\/div><\/button><div  class=\"w-tabs-section-content\" id=\"content-m066\"><div class=\"w-tabs-section-content-h i-cf\"><div class=\"wpb_text_column\"><div class=\"wpb_wrapper\"><p>Diese werden nach Ablauf von vier Wochen unverz\u00fcglich gel\u00f6scht. <\/p>\n<\/div><\/div><\/div><\/div><\/div><div class=\"w-tabs-section\" id=\"f1f6\"><button class=\"w-tabs-section-header with_icon\" aria-controls=\"content-f1f6\" aria-expanded=\"false\"><i class=\"fas fa-arrow-right\"><\/i><div class=\"w-tabs-section-title\">Wird meine Probe nach dem PCR-Test vernichtet? Und werden meinen pers\u00f6nlichen Daten in diesem Zug von mir gespeichert?<\/div><div class=\"w-tabs-section-control\"><\/div><\/button><div  class=\"w-tabs-section-content\" id=\"content-f1f6\"><div class=\"w-tabs-section-content-h i-cf\"><div class=\"wpb_text_column\"><div class=\"wpb_wrapper\"><p>Nach der \u00dcbermittlung des Testergebnisses wird die Probe vernichtet sowie die Daten gel\u00f6scht. <\/p>\n<\/div><\/div><\/div><\/div><\/div><div class=\"w-tabs-section\" id=\"r3f7\"><button class=\"w-tabs-section-header with_icon\" aria-controls=\"content-r3f7\" aria-expanded=\"false\"><i class=\"fas fa-arrow-right\"><\/i><div class=\"w-tabs-section-title\">K\u00f6nnte ich rein theoretisch mit meiner Auto-Bundle-Fahrgemeinschaft doch mit dem Fahrrad anreisen?<\/div><div class=\"w-tabs-section-control\"><\/div><\/button><div  class=\"w-tabs-section-content\" id=\"content-r3f7\"><div class=\"w-tabs-section-content-h i-cf\"><div class=\"wpb_text_column\"><div class=\"wpb_wrapper\"><p>Nein, das gef\u00e4hrdet die konsequente und sichere Umsetzung unserer Einlass- und Testlogistik im Sinne des Hygienekonzeptes! <\/p>\n<\/div><\/div><\/div><\/div><\/div><div class=\"w-tabs-section\" id=\"t5ec\"><button class=\"w-tabs-section-header with_icon\" aria-controls=\"content-t5ec\" aria-expanded=\"false\"><i class=\"fas fa-arrow-right\"><\/i><div class=\"w-tabs-section-title\">Ist es m\u00f6glich, zu einem bestehenden Auto-Bundle weitere einzelne Festivaltickets zu buchen?<\/div><div class=\"w-tabs-section-control\"><\/div><\/button><div  class=\"w-tabs-section-content\" id=\"content-t5ec\"><div class=\"w-tabs-section-content-h i-cf\"><div class=\"wpb_text_column\"><div class=\"wpb_wrapper\"><p>Ja, die Person, die das Auto-Bundle erworben hat kontaktiert bitte <a href=\"mailto:support@tixforgigs.com\">support@tixforgigs.com<\/a> <\/p>\n<\/div><\/div><\/div><\/div><\/div><div class=\"w-tabs-section\" id=\"b7b6\"><button class=\"w-tabs-section-header with_icon\" aria-controls=\"content-b7b6\" aria-expanded=\"false\"><i class=\"fas fa-arrow-right\"><\/i><div class=\"w-tabs-section-title\">Was ist zu tun, wenn mein Auto kein T\u00dcV mehr hat?<\/div><div class=\"w-tabs-section-control\"><\/div><\/button><div  class=\"w-tabs-section-content\" id=\"content-b7b6\"><div class=\"w-tabs-section-content-h i-cf\"><div class=\"wpb_text_column\"><div class=\"wpb_wrapper\"><p>Da k\u00f6nnen wir dir leider nicht helfen, wahrscheinlich aber die Autowerkstatt deines Vertrauens. <\/p>\n<\/div><\/div><\/div><\/div><\/div><div class=\"w-tabs-section\" id=\"z95e\"><button class=\"w-tabs-section-header with_icon\" aria-controls=\"content-z95e\" aria-expanded=\"false\"><i class=\"fas fa-arrow-right\"><\/i><div class=\"w-tabs-section-title\">Kann ich auch zu Fu\u00df das Gel\u00e4nde betreten?<\/div><div class=\"w-tabs-section-control\"><\/div><\/button><div  class=\"w-tabs-section-content\" id=\"content-z95e\"><div class=\"w-tabs-section-content-h i-cf\"><div class=\"wpb_text_column\"><div class=\"wpb_wrapper\"><p>Nein, auch im hypothetischen oder rein theoretischen Falle \u2013 Nein!<\/p>\n<\/div><\/div><\/div><\/div><\/div><div class=\"w-tabs-section\" id=\"fba0\"><button class=\"w-tabs-section-header with_icon\" aria-controls=\"content-fba0\" aria-expanded=\"false\"><i class=\"fas fa-arrow-right\"><\/i><div class=\"w-tabs-section-title\">Darf ich mit meinem Wohnmobil, Camper oder Sprinter anreisen?<\/div><div class=\"w-tabs-section-control\"><\/div><\/button><div  class=\"w-tabs-section-content\" id=\"content-fba0\"><div class=\"w-tabs-section-content-h i-cf\"><div class=\"wpb_text_column\"><div class=\"wpb_wrapper\"><p>Ja! <\/p>\n<\/div><\/div><\/div><\/div><\/div><div class=\"w-tabs-section\" id=\"wd2e\"><button class=\"w-tabs-section-header with_icon\" aria-controls=\"content-wd2e\" aria-expanded=\"false\"><i class=\"fas fa-arrow-right\"><\/i><div class=\"w-tabs-section-title\">Welches Ticket ben\u00f6tige ich f\u00fcr ein Wohnmobil?<\/div><div class=\"w-tabs-section-control\"><\/div><\/button><div  class=\"w-tabs-section-content\" id=\"content-wd2e\"><div class=\"w-tabs-section-content-h i-cf\"><div class=\"wpb_text_column\"><div class=\"wpb_wrapper\"><p>Ein KFZ-Ticket. <\/p>\n<\/div><\/div><\/div><\/div><\/div><div class=\"w-tabs-section\" id=\"gf1a\"><button class=\"w-tabs-section-header with_icon\" aria-controls=\"content-gf1a\" aria-expanded=\"false\"><i class=\"fas fa-arrow-right\"><\/i><div class=\"w-tabs-section-title\">Findet die erste Edition in Mailand, Italien statt?<\/div><div class=\"w-tabs-section-control\"><\/div><\/button><div  class=\"w-tabs-section-content\" id=\"content-gf1a\"><div class=\"w-tabs-section-content-h i-cf\"><div class=\"wpb_text_column\"><div class=\"wpb_wrapper\"><p>Nein, unser erstes Wochenende vom 16.-18.07.21 \u00e4hnelt vielleicht namentlich dem sch\u00f6nen Mailand aber selbstverst\u00e4ndlich werden wir auf dem sch\u00f6nsten Acker in Brandenburg feiern. <\/p>\n<\/div><\/div><\/div><\/div><\/div><div class=\"w-tabs-section\" id=\"g106\"><button class=\"w-tabs-section-header with_icon\" aria-controls=\"content-g106\" aria-expanded=\"false\"><i class=\"fas fa-arrow-right\"><\/i><div class=\"w-tabs-section-title\">Wo kann ich mich melden, wenn ich auf der NoG arbeiten m\u00f6chte?<\/div><div class=\"w-tabs-section-control\"><\/div><\/button><div  class=\"w-tabs-section-content\" id=\"content-g106\"><div class=\"w-tabs-section-content-h i-cf\"><div class=\"wpb_text_column\"><div class=\"wpb_wrapper\"><p>Am besten tr\u00e4gst du dich <a href=\"https:\/\/pyonen.de\/nog2021\/arbeiten-auf-der-nation\/\">hier<\/a> ein und <a href=\"mailto:staff@pyonen.de\">staff@pyonen.de<\/a> wird sich bei dir zur\u00fcckmelden.<\/p>\n<\/div><\/div><\/div><\/div><\/div><div class=\"w-tabs-section\" id=\"f2e4\"><button class=\"w-tabs-section-header with_icon\" aria-controls=\"content-f2e4\" aria-expanded=\"false\"><i class=\"fas fa-arrow-right\"><\/i><div class=\"w-tabs-section-title\">Sind die Bassliner Fahrten an mein Bundle gebunden? Muss ich mit meiner ganzen Auto-Bundle-Fahrgemeinschaft einsteigen?<\/div><div class=\"w-tabs-section-control\"><\/div><\/button><div  class=\"w-tabs-section-content\" id=\"content-f2e4\"><div class=\"w-tabs-section-content-h i-cf\"><div class=\"wpb_text_column\"><div class=\"wpb_wrapper\"><p>Nein, die Bassliner Fahrten k\u00f6nnen unabh\u00e4ngig vom Bundle gebucht werden. Alle Mitinsass:innen der Minivans bilden somit eine neue Fahrgemeinschaft. Auch hier gilt: <strong>falls bei der Antigentestung ein positiver Fall auftritt wird allen Mitfahrenden der Einlass verw\u00e4hrt!<\/strong><\/p>\n<\/div><\/div><\/div><\/div><\/div><div class=\"w-tabs-section\" id=\"t49e\"><button class=\"w-tabs-section-header with_icon\" aria-controls=\"content-t49e\" aria-expanded=\"false\"><i class=\"fas fa-arrow-right\"><\/i><div class=\"w-tabs-section-title\">Was passiert mit meinem Fahrrad- oder KFZ-Ticket wenn ich doch mit einem Bassliner Minivan anreise?<\/div><div class=\"w-tabs-section-control\"><\/div><\/button><div  class=\"w-tabs-section-content\" id=\"content-t49e\"><div class=\"w-tabs-section-content-h i-cf\"><div class=\"wpb_text_column\"><div class=\"wpb_wrapper\"><p>Die Bassliner Fahrten sind auf Grund der vielz\u00e4hligen Nachfragen zum Thema Anreise recht kurzfristig als zus\u00e4tzlicher Service entstanden. Fahrrad- oder KFZ-Ticket k\u00f6nnen an Freund:innen weitergegeben werden oder verfallen leider. Eine Erstattung ist nicht m\u00f6glich! <\/p>\n<\/div><\/div><\/div><\/div><\/div><div class=\"w-tabs-section\" id=\"c67b\"><button class=\"w-tabs-section-header with_icon\" aria-controls=\"content-c67b\" aria-expanded=\"false\"><i class=\"fas fa-arrow-right\"><\/i><div class=\"w-tabs-section-title\">Kann ich auch nur eine Fahrt mit dem Bassliner buchen?<\/div><div class=\"w-tabs-section-control\"><\/div><\/button><div  class=\"w-tabs-section-content\" id=\"content-c67b\"><div class=\"w-tabs-section-content-h i-cf\"><div class=\"wpb_text_column\"><div class=\"wpb_wrapper\"><p>Ja, es ist m\u00f6glich nur eine Hin- oder R\u00fcckfahrt zu buchen. <\/p>\n<\/div><\/div><\/div><\/div><\/div><div class=\"w-tabs-section\" id=\"z883\"><button class=\"w-tabs-section-header with_icon\" aria-controls=\"content-z883\" aria-expanded=\"false\"><i class=\"fas fa-arrow-right\"><\/i><div class=\"w-tabs-section-title\">Gilt eine Maskenpflicht in den Minivans von Bassliner?<\/div><div class=\"w-tabs-section-control\"><\/div><\/button><div  class=\"w-tabs-section-content\" id=\"content-z883\"><div class=\"w-tabs-section-content-h i-cf\"><div class=\"wpb_text_column\"><div class=\"wpb_wrapper\"><p>Ja, selbstverst\u00e4ndlich ist hier <strong>durchgehend eine FFP2-Maske zu tragen!<\/strong> Die Vanfahrer:innen sind ebenfalls PCR getestet.<\/p>\n<\/div><\/div><\/div><\/div><\/div><div class=\"w-tabs-section\" id=\"ta87\"><button class=\"w-tabs-section-header with_icon\" aria-controls=\"content-ta87\" aria-expanded=\"false\"><i class=\"fas fa-arrow-right\"><\/i><div class=\"w-tabs-section-title\">Wieso sind die Fahrten von Bassliner so schnell ausverkauft gewesen?<\/div><div class=\"w-tabs-section-control\"><\/div><\/button><div  class=\"w-tabs-section-content\" id=\"content-ta87\"><div class=\"w-tabs-section-content-h i-cf\"><div class=\"wpb_text_column\"><div class=\"wpb_wrapper\"><p>Auch das zus\u00e4tzliche Angebot der Bassliner Fahrten unterliegt der Einhaltung unseres Hygienekonzepts. Weitere Fahrten k\u00f6nnen wir logistisch nicht umsetzen!<\/p>\n<\/div><\/div><\/div><\/div><\/div><div class=\"w-tabs-section\" id=\"hc4a\"><button class=\"w-tabs-section-header with_icon\" aria-controls=\"content-hc4a\" aria-expanded=\"false\"><i class=\"fas fa-arrow-right\"><\/i><div class=\"w-tabs-section-title\">Wo kann ich die Personalisierung meines Tickets \u00e4ndern?<\/div><div class=\"w-tabs-section-control\"><\/div><\/button><div  class=\"w-tabs-section-content\" id=\"content-hc4a\"><div class=\"w-tabs-section-content-h i-cf\"><div class=\"wpb_text_column\"><div class=\"wpb_wrapper\"><p>Die Personalisierung kann auch durch den oder die Ticketk\u00e4ufer:in bis zum PCR-Test selbst verwaltet werden. Dazu einfach bei uns auf <a href=\"https:\/\/www.tixforgigs.com\/\" target=\"_blank\" rel=\"noopener\">www.tixforgigs.com<\/a> einloggen und im Kundenbereich unter &#8222;Personalisierung&#8220; das entsprechende Ticket \u00e4ndern. Ggf. kannst du eine Mailadresse \u00e4ndern und die Mail zur Personalisierung nochmal rausschicken. Wichtig ist, dass auch die Mailadresse und Telefonnummer mit ge\u00e4ndert werden, da an die hinterlegte Mailadresse das Festivalticket versandt wird.<\/p>\n<\/div><\/div><\/div><\/div><\/div><div class=\"w-tabs-section\" id=\"ie19\"><button class=\"w-tabs-section-header with_icon\" aria-controls=\"content-ie19\" aria-expanded=\"false\"><i class=\"fas fa-arrow-right\"><\/i><div class=\"w-tabs-section-title\">Wo befinden sich die PCR Teststationen?<\/div><div class=\"w-tabs-section-control\"><\/div><\/button><div  class=\"w-tabs-section-content\" id=\"content-ie19\"><div class=\"w-tabs-section-content-h i-cf\"><div class=\"wpb_text_column\"><div class=\"wpb_wrapper\"><p><strong>Eine aktuelle Liste aller PCR-Teststationen mit \u00d6ffnungszeiten <a href=\"https:\/\/pyonen.de\/nog2021\/hinweise-zur-pcr-testung\/\">findet ihr hier<\/a>.<\/strong><\/p>\n<\/div><\/div><\/div><\/div><\/div><\/div><\/div><\/div><\/div><\/div><\/div><\/div><\/section>\n","protected":false},"excerpt":{"rendered":"Covid-19 &amp; Unser Hygienekonzept INHALT 1. Was sich 2021 \u00e4ndern wird 2. Unser Hygienekonzept 3. FAQs (h\u00e4ufig gestellte Fragen) Herzallerliebste Realit\u00e4tsfluchthelfer:innen, Mit allergr\u00f6\u00dfter Freude rufen wir euch heute zu, dass uns alle ben\u00f6tigten Genehmigungen vorliegen und die Nation of Gondwana 2021 als Modellprojekt im Land Brandenburg stattfinden kann \u2013 Milan &amp; Kranich gehen in den...","protected":false},"author":1,"featured_media":0,"parent":0,"menu_order":0,"comment_status":"closed","ping_status":"closed","template":"","meta":{"inline_featured_image":false,"footnotes":""},"class_list":["post-1233","page","type-page","status-publish","hentry"],"yoast_head":"<!-- This site is optimized with the Yoast SEO plugin v23.1 - https:\/\/yoast.com\/wordpress\/plugins\/seo\/ -->\n<title>Hygienekonzept - Nation of Gondwana 2021<\/title>\n<meta name=\"robots\" content=\"index, follow, max-snippet:-1, max-image-preview:large, max-video-preview:-1\" \/>\n<link rel=\"canonical\" href=\"https:\/\/pyonen.de\/nog2021\/hygienekonzept\/\" \/>\n<meta property=\"og:locale\" content=\"de_DE\" \/>\n<meta property=\"og:type\" content=\"article\" \/>\n<meta property=\"og:title\" content=\"Hygienekonzept - Nation of Gondwana 2021\" \/>\n<meta property=\"og:url\" content=\"https:\/\/pyonen.de\/nog2021\/hygienekonzept\/\" \/>\n<meta property=\"og:site_name\" content=\"Nation of Gondwana 2021\" \/>\n<meta property=\"article:modified_time\" content=\"2021-08-06T11:09:02+00:00\" \/>\n<meta name=\"twitter:card\" content=\"summary_large_image\" \/>\n<meta name=\"twitter:label1\" content=\"Gesch\u00e4tzte Lesezeit\" \/>\n\t<meta name=\"twitter:data1\" content=\"10\u00a0Minuten\" \/>\n<script type=\"application\/ld+json\" class=\"yoast-schema-graph\">{\"@context\":\"https:\/\/schema.org\",\"@graph\":[{\"@type\":\"WebPage\",\"@id\":\"https:\/\/pyonen.de\/nog2021\/hygienekonzept\/\",\"url\":\"https:\/\/pyonen.de\/nog2021\/hygienekonzept\/\",\"name\":\"Hygienekonzept - Nation of Gondwana 2021\",\"isPartOf\":{\"@id\":\"https:\/\/pyonen.de\/nog2021\/#website\"},\"datePublished\":\"2021-04-22T18:04:14+00:00\",\"dateModified\":\"2021-08-06T11:09:02+00:00\",\"breadcrumb\":{\"@id\":\"https:\/\/pyonen.de\/nog2021\/hygienekonzept\/#breadcrumb\"},\"inLanguage\":\"de\",\"potentialAction\":[{\"@type\":\"ReadAction\",\"target\":[\"https:\/\/pyonen.de\/nog2021\/hygienekonzept\/\"]}]},{\"@type\":\"BreadcrumbList\",\"@id\":\"https:\/\/pyonen.de\/nog2021\/hygienekonzept\/#breadcrumb\",\"itemListElement\":[{\"@type\":\"ListItem\",\"position\":1,\"name\":\"Startseite\",\"item\":\"https:\/\/pyonen.de\/nog2021\/\"},{\"@type\":\"ListItem\",\"position\":2,\"name\":\"Hygienekonzept\"}]},{\"@type\":\"WebSite\",\"@id\":\"https:\/\/pyonen.de\/nog2021\/#website\",\"url\":\"https:\/\/pyonen.de\/nog2021\/\",\"name\":\"Nation of Gondwana 2021\",\"description\":\"Festival am Waldsee | 22. - 24. Juli 2022 | Gr\u00fcnefeld bei Berlin\",\"potentialAction\":[{\"@type\":\"SearchAction\",\"target\":{\"@type\":\"EntryPoint\",\"urlTemplate\":\"https:\/\/pyonen.de\/nog2021\/?s={search_term_string}\"},\"query-input\":\"required name=search_term_string\"}],\"inLanguage\":\"de\"}]}<\/script>\n<!-- \/ Yoast SEO plugin. -->","yoast_head_json":{"title":"Hygienekonzept - Nation of Gondwana 2021","robots":{"index":"index","follow":"follow","max-snippet":"max-snippet:-1","max-image-preview":"max-image-preview:large","max-video-preview":"max-video-preview:-1"},"canonical":"https:\/\/pyonen.de\/nog2021\/hygienekonzept\/","og_locale":"de_DE","og_type":"article","og_title":"Hygienekonzept - Nation of Gondwana 2021","og_url":"https:\/\/pyonen.de\/nog2021\/hygienekonzept\/","og_site_name":"Nation of Gondwana 2021","article_modified_time":"2021-08-06T11:09:02+00:00","twitter_card":"summary_large_image","twitter_misc":{"Gesch\u00e4tzte Lesezeit":"10\u00a0Minuten"},"schema":{"@context":"https:\/\/schema.org","@graph":[{"@type":"WebPage","@id":"https:\/\/pyonen.de\/nog2021\/hygienekonzept\/","url":"https:\/\/pyonen.de\/nog2021\/hygienekonzept\/","name":"Hygienekonzept - Nation of Gondwana 2021","isPartOf":{"@id":"https:\/\/pyonen.de\/nog2021\/#website"},"datePublished":"2021-04-22T18:04:14+00:00","dateModified":"2021-08-06T11:09:02+00:00","breadcrumb":{"@id":"https:\/\/pyonen.de\/nog2021\/hygienekonzept\/#breadcrumb"},"inLanguage":"de","potentialAction":[{"@type":"ReadAction","target":["https:\/\/pyonen.de\/nog2021\/hygienekonzept\/"]}]},{"@type":"BreadcrumbList","@id":"https:\/\/pyonen.de\/nog2021\/hygienekonzept\/#breadcrumb","itemListElement":[{"@type":"ListItem","position":1,"name":"Startseite","item":"https:\/\/pyonen.de\/nog2021\/"},{"@type":"ListItem","position":2,"name":"Hygienekonzept"}]},{"@type":"WebSite","@id":"https:\/\/pyonen.de\/nog2021\/#website","url":"https:\/\/pyonen.de\/nog2021\/","name":"Nation of Gondwana 2021","description":"Festival am Waldsee | 22. - 24. Juli 2022 | Gr\u00fcnefeld bei Berlin","potentialAction":[{"@type":"SearchAction","target":{"@type":"EntryPoint","urlTemplate":"https:\/\/pyonen.de\/nog2021\/?s={search_term_string}"},"query-input":"required name=search_term_string"}],"inLanguage":"de"}]}},"_links":{"self":[{"href":"https:\/\/pyonen.de\/nog2021\/wp-json\/wp\/v2\/pages\/1233"}],"collection":[{"href":"https:\/\/pyonen.de\/nog2021\/wp-json\/wp\/v2\/pages"}],"about":[{"href":"https:\/\/pyonen.de\/nog2021\/wp-json\/wp\/v2\/types\/page"}],"author":[{"embeddable":true,"href":"https:\/\/pyonen.de\/nog2021\/wp-json\/wp\/v2\/users\/1"}],"replies":[{"embeddable":true,"href":"https:\/\/pyonen.de\/nog2021\/wp-json\/wp\/v2\/comments?post=1233"}],"version-history":[{"count":61,"href":"https:\/\/pyonen.de\/nog2021\/wp-json\/wp\/v2\/pages\/1233\/revisions"}],"predecessor-version":[{"id":2085,"href":"https:\/\/pyonen.de\/nog2021\/wp-json\/wp\/v2\/pages\/1233\/revisions\/2085"}],"wp:attachment":[{"href":"https:\/\/pyonen.de\/nog2021\/wp-json\/wp\/v2\/media?parent=1233"}],"curies":[{"name":"wp","href":"https:\/\/api.w.org\/{rel}","templated":true}]}}